{"id":28052,"date":"2024-11-29T00:09:48","date_gmt":"2024-11-28T23:09:48","guid":{"rendered":"https:\/\/wegreenitgroup.com\/privacy-policy\/"},"modified":"2025-12-11T13:23:45","modified_gmt":"2025-12-11T12:23:45","slug":"privacy-policy","status":"publish","type":"page","link":"https:\/\/wegreenitgroup.com\/fr\/privacy-policy\/","title":{"rendered":"Privacy Policy"},"content":{"rendered":"\t\t<div data-elementor-type=\"wp-page\" data-elementor-id=\"28052\" class=\"elementor elementor-28052 elementor-18304\" data-elementor-post-type=\"page\">\n\t\t\t\t<section class=\"elementor-element elementor-element-fabfc2f e-con-full e-flex e-con e-parent\" data-id=\"fabfc2f\" data-element_type=\"container\" data-e-type=\"container\">\n\t\t<header class=\"elementor-element elementor-element-49d6634 e-flex e-con-boxed e-con e-child\" data-id=\"49d6634\" data-element_type=\"container\" data-e-type=\"container\">\n\t\t\t\t\t<div class=\"e-con-inner\">\n\t\t\t\t<div class=\"elementor-element elementor-element-292b2d3 elementor-invisible elementor-widget elementor-widget-heading\" data-id=\"292b2d3\" data-element_type=\"widget\" data-e-type=\"widget\" data-settings=\"{&quot;_animation&quot;:&quot;fadeIn&quot;,&quot;_animation_delay&quot;:200}\" data-widget_type=\"heading.default\">\n\t\t\t\t<div class=\"elementor-widget-container\">\n\t\t\t\t\t<h1 class=\"elementor-heading-title elementor-size-default\">Privacy Policy<\/h1>\t\t\t\t<\/div>\n\t\t\t\t<\/div>\n\t\t\t\t\t<\/div>\n\t\t\t\t<\/header>\n\t\t\t\t<\/section>\n\t\t<div class=\"elementor-element elementor-element-43200c2f e-flex e-con-boxed e-con e-parent\" data-id=\"43200c2f\" data-element_type=\"container\" data-e-type=\"container\">\n\t\t\t\t\t<div class=\"e-con-inner\">\n\t\t\t\t<div class=\"elementor-element elementor-element-94f1160 elementor-absolute e-transform elementor-widget-divider--view-line elementor-invisible elementor-widget elementor-widget-divider\" data-id=\"94f1160\" data-element_type=\"widget\" data-e-type=\"widget\" data-settings=\"{&quot;_position&quot;:&quot;absolute&quot;,&quot;_transform_rotateZ_effect&quot;:{&quot;unit&quot;:&quot;px&quot;,&quot;size&quot;:-4,&quot;sizes&quot;:[]},&quot;_transform_rotateZ_effect_mobile&quot;:{&quot;unit&quot;:&quot;deg&quot;,&quot;size&quot;:-12,&quot;sizes&quot;:[]},&quot;motion_fx_motion_fx_scrolling&quot;:&quot;yes&quot;,&quot;motion_fx_translateY_effect&quot;:&quot;yes&quot;,&quot;_animation&quot;:&quot;fadeInUp&quot;,&quot;motion_fx_translateY_speed&quot;:{&quot;unit&quot;:&quot;px&quot;,&quot;size&quot;:4,&quot;sizes&quot;:[]},&quot;motion_fx_translateY_affectedRange&quot;:{&quot;unit&quot;:&quot;%&quot;,&quot;size&quot;:&quot;&quot;,&quot;sizes&quot;:{&quot;start&quot;:0,&quot;end&quot;:100}},&quot;motion_fx_devices&quot;:[&quot;desktop&quot;,&quot;laptop&quot;,&quot;tablet&quot;,&quot;mobile&quot;],&quot;_transform_rotateZ_effect_laptop&quot;:{&quot;unit&quot;:&quot;deg&quot;,&quot;size&quot;:&quot;&quot;,&quot;sizes&quot;:[]},&quot;_transform_rotateZ_effect_tablet&quot;:{&quot;unit&quot;:&quot;deg&quot;,&quot;size&quot;:&quot;&quot;,&quot;sizes&quot;:[]}}\" data-widget_type=\"divider.default\">\n\t\t\t\t<div class=\"elementor-widget-container\">\n\t\t\t\t\t\t\t<div class=\"elementor-divider\">\n\t\t\t<span class=\"elementor-divider-separator\">\n\t\t\t\t\t\t<\/span>\n\t\t<\/div>\n\t\t\t\t\t\t<\/div>\n\t\t\t\t<\/div>\n\t\t\t\t\t<\/div>\n\t\t\t\t<\/div>\n\t\t<div class=\"elementor-element elementor-element-20e96262 e-flex e-con-boxed e-con e-parent\" data-id=\"20e96262\" data-element_type=\"container\" data-e-type=\"container\" data-settings=\"{&quot;motion_fx_motion_fx_scrolling&quot;:&quot;yes&quot;,&quot;motion_fx_translateY_effect&quot;:&quot;yes&quot;,&quot;motion_fx_translateY_speed&quot;:{&quot;unit&quot;:&quot;px&quot;,&quot;size&quot;:4,&quot;sizes&quot;:[]},&quot;motion_fx_translateY_affectedRange&quot;:{&quot;unit&quot;:&quot;%&quot;,&quot;size&quot;:&quot;&quot;,&quot;sizes&quot;:{&quot;start&quot;:0,&quot;end&quot;:100}},&quot;motion_fx_devices&quot;:[&quot;desktop&quot;,&quot;laptop&quot;,&quot;tablet&quot;,&quot;mobile&quot;]}\">\n\t\t\t\t\t<div class=\"e-con-inner\">\n\t\t\t\t<div class=\"elementor-element elementor-element-7531532 elementor-widget elementor-widget-text-editor\" data-id=\"7531532\" data-element_type=\"widget\" data-e-type=\"widget\" data-widget_type=\"text-editor.default\">\n\t\t\t\t<div class=\"elementor-widget-container\">\n\t\t\t\t\t\t\t\t\t<div class=\"page\">\n<div class=\"text-content-list\" data-main-rotation=\"0\">\n<div class=\"page\">\n<div class=\"text-content-list\" data-main-rotation=\"0\">\n<ul><li aria-level=\"1\"><b>Responsable du traitement<\/b><\/li>\n<\/ul>\n<p><span style=\"font-weight: 400;\">Aux sens des art. 4 et 24 du R\u00e8glement UE n. 2016\/679 (ci-apr\u00e8s \u00ab GDPR \u00bb), le Responsable du traitement est Wegreenit S.p.A., dont le si\u00e8ge l\u00e9gal est situ\u00e9 Piazzale Loreto, 17 &#8211; 20131 Milan (MI) Italie (ci-apr\u00e8s \u00ab Wegreenit \u00bb ou la \u00ab Soci\u00e9t\u00e9 \u00bb), en la personne de son repr\u00e9sentant l\u00e9gal pro tempore.<\/span><\/p>\n<ul>\n<li aria-level=\"1\"><b>Objet du traitement<\/b><\/li>\n<\/ul>\n<p><span style=\"font-weight: 400;\">La pr\u00e9sente politique (ainsi que d\u2019autres documents qui y sont cit\u00e9s) d\u00e9crit les donn\u00e9es \u00e0 caract\u00e8re personnel (\u00ab Donn\u00e9es Personnelles \u00bb) que la Soci\u00e9t\u00e9 collecte aupr\u00e8s de l\u2019utilisateur du site web et la mani\u00e8re dont elles sont trait\u00e9es.<\/span><\/p>\n<ol>\n<li style=\"font-weight: 400;\" aria-level=\"1\"><span style=\"font-weight: 400;\">La Soci\u00e9t\u00e9 collecte des informations personnelles relatives aux visites sur le site web, parmi lesquelles, \u00e0 titre purement exemplificatif, des donn\u00e9es de trafic, des donn\u00e9es de localisation, des weblogs et des formulaires de contact, ainsi que d\u2019autres donn\u00e9es de communication et les ressources auxquelles l\u2019utilisateur acc\u00e8de.<\/span><\/li>\n<\/ol>\n<p><span style=\"font-weight: 400;\">La collecte de ces informations personnelles rendra la visite du site web plus simple \u00e0 l\u2019avenir, car la Soci\u00e9t\u00e9 sera en mesure de sugg\u00e9rer des contenus pertinents sur la base de la localisation \u00e0 partir de laquelle l\u2019acc\u00e8s au site est effectu\u00e9.<\/span><\/p>\n<p><\/p>\n<ol>\n<li style=\"font-weight: 400;\" aria-level=\"1\"><span style=\"font-weight: 400;\">La Soci\u00e9t\u00e9 collecte toutes les informations fournies par l\u2019utilisateur lors de l\u2019envoi des formulaires de contact (par exemple \u00ab Contacts \u00bb) et en particulier nom, pr\u00e9nom, adresse e-mail, num\u00e9ro de t\u00e9l\u00e9phone, province, num\u00e9ro de TVA, raison sociale.<\/span><\/li>\n<\/ol>\n<p><span style=\"font-weight: 400;\">La fourniture d\u2019informations personnelles par le biais des formulaires de contact n\u2019est pas une obligation l\u00e9gale ou contractuelle ; toutefois, il est \u00e0 noter que les champs marqu\u00e9s d\u2019un ast\u00e9risque (*) sont obligatoires, car la Soci\u00e9t\u00e9 a besoin de ces informations pour s\u2019acquitter de la demande de l\u2019utilisateur ou y r\u00e9pondre. L\u2019absence de fourniture des donn\u00e9es obligatoires entra\u00eenera l\u2019impossibilit\u00e9 pour la Soci\u00e9t\u00e9 de donner suite \u00e0 la demande de l\u2019utilisateur. D\u2019autres informations ou donn\u00e9es personnelles sont partag\u00e9es au moment de la compilation des formulaires de contact \u00e0 la discr\u00e9tion de l\u2019utilisateur. En cas de contact avec la Soci\u00e9t\u00e9, une trace de cette correspondance sera conserv\u00e9e.<\/span><\/p>\n<p><\/p>\n<ol>\n<li style=\"font-weight: 400;\" aria-level=\"1\"><span style=\"font-weight: 400;\">La Soci\u00e9t\u00e9 peut \u00e9galement enregistrer des cookies, comme indiqu\u00e9 plus en d\u00e9tail dans la Cookie Policy.<\/span><\/li>\n<\/ol>\n<p><b><\/b><\/p>\n<ul>\n<li aria-level=\"1\"><b>Finalit\u00e9 du traitement<\/b><\/li>\n<\/ul>\n<p><span style=\"font-weight: 400;\">Les Donn\u00e9es Personnelles sont collect\u00e9es et trait\u00e9es par la Soci\u00e9t\u00e9 afin de:<\/span><\/p>\n<ol>\n<li style=\"font-weight: 400;\" aria-level=\"1\"><span style=\"font-weight: 400;\">adapter les contenus et les ressources aux pr\u00e9f\u00e9rences de l\u2019utilisateur;<\/span><\/li>\n<li style=\"font-weight: 400;\" aria-level=\"1\"><span style=\"font-weight: 400;\">r\u00e9pondre aux demandes ou aux questions de l\u2019utilisateur, par e-mail ou par t\u00e9l\u00e9phone;<\/span><\/li>\n<li style=\"font-weight: 400;\" aria-level=\"1\"><span style=\"font-weight: 400;\">&nbsp;cr\u00e9er, publier et am\u00e9liorer les contenus les plus pertinents pour les utilisateurs;<\/span><\/li>\n<li style=\"font-weight: 400;\" aria-level=\"1\"><span style=\"font-weight: 400;\">garantir que les contenus fournis via le site soient pr\u00e9sent\u00e9s de la mani\u00e8re la plus efficace pour l\u2019utilisateur, en fonction de son appareil;<\/span><\/li>\n<li style=\"font-weight: 400;\" aria-level=\"1\"><span style=\"font-weight: 400;\">permettre de participer aux fonctionnalit\u00e9s interactives du site, si l\u2019on souhaite le faire;<\/span><\/li>\n<li style=\"font-weight: 400;\" aria-level=\"1\"><span style=\"font-weight: 400;\">d\u00e9velopper et am\u00e9liorer davantage le site et les syst\u00e8mes afin de mieux servir les utilisateurs.<\/span><\/li>\n<\/ol>\n<p><span style=\"font-weight: 400;\">L\u2019utilisation des informations d\u00e9crites ci-dessus est autoris\u00e9e par la l\u00e9gislation applicable en mati\u00e8re de protection des Donn\u00e9es Personnelles, dans la mesure o\u00f9 elle est:<\/span><\/p>\n<ol>\n<li style=\"font-weight: 400;\" aria-level=\"1\"><span style=\"font-weight: 400;\">n\u00e9cessaire aux int\u00e9r\u00eats l\u00e9gitimes de la Soci\u00e9t\u00e9 dans la poursuite des finalit\u00e9s susmentionn\u00e9es; ces int\u00e9r\u00eats n\u2019entrent en aucun cas en conflit avec le droit \u00e0 la vie priv\u00e9e des utilisateurs;<\/span><\/li>\n<li style=\"font-weight: 400;\" aria-level=\"1\"><span style=\"font-weight: 400;\">dans certains cas, n\u00e9cessaire pour s\u2019acquitter des obligations l\u00e9gales ou r\u00e9glementaires de la Soci\u00e9t\u00e9, par exemple en cas de communication aux autorit\u00e9s, organismes gouvernementaux ou de r\u00e9gulation; ou<\/span><\/li>\n<li style=\"font-weight: 400;\" aria-level=\"1\"><span style=\"font-weight: 400;\">dans certains cas, n\u00e9cessaire \u00e0 l\u2019accomplissement d\u2019une mission d\u2019int\u00e9r\u00eat public et, dans le cas o\u00f9 la Soci\u00e9t\u00e9 utiliserait des cat\u00e9gories particuli\u00e8res de Donn\u00e9es Personnelles, n\u00e9cessaire pour engager, poursuivre ou se d\u00e9fendre dans le cadre d\u2019actions en justice, ou lorsque le traitement concerne des informations personnelles manifestement du domaine public.<\/span><\/li>\n<\/ol>\n<p><span style=\"font-weight: 400;\">La Soci\u00e9t\u00e9 n\u2019adopte aucun processus d\u00e9cisionnel automatis\u00e9, y compris le profilage, produisant des effets juridiques concernant l\u2019utilisateur ou l\u2019affectant de mani\u00e8re similaire de fa\u00e7on significative. La Soci\u00e9t\u00e9 conserve les informations pour la p\u00e9riode n\u00e9cessaire \u00e0 l\u2019accomplissement des obligations l\u00e9gales. La dur\u00e9e de conservation des informations personnelles d\u00e9pend de la finalit\u00e9 pour laquelle les donn\u00e9es sont trait\u00e9es et des outils utilis\u00e9s pour ce traitement. Il n\u2019est toutefois pas possible d\u2019indiquer la dur\u00e9e de conservation de mani\u00e8re raisonnablement compr\u00e9hensible dans la pr\u00e9sente Politique. Les crit\u00e8res utilis\u00e9s pour d\u00e9terminer la dur\u00e9e de conservation applicable sont \u00e9troitement li\u00e9s au temps (i) n\u00e9cessaire \u00e0 la r\u00e9alisation de la finalit\u00e9 concern\u00e9e, (ii) n\u00e9cessaire \u00e0 l\u2019ex\u00e9cution de la relation commerciale avec l\u2019utilisateur, (iii) accept\u00e9 par l\u2019utilisateur et\/ou (iv) requis par les lois applicables en la mati\u00e8re.<\/span><\/p>\n<p><b><\/b><\/p>\n<ul>\n<li aria-level=\"1\"><b>Partage des Donn\u00e9es Personnelles avec des tiers<\/b><\/li>\n<\/ul>\n<p><span style=\"font-weight: 400;\">Pour faciliter une utilisation efficace des informations et pour fournir \u00e0 l\u2019utilisateur des contenus et\/ou des ressources, les informations sont divulgu\u00e9es \u00e0 des tiers. Toutefois, une telle divulgation ne se produira que dans les circonstances suivantes :<\/span><\/p>\n<ol>\n<li style=\"font-weight: 400;\" aria-level=\"1\"><span style=\"font-weight: 400;\">\u00e0 des fournisseurs, sous-traitants et agents : la Soci\u00e9t\u00e9 peut faire appel \u00e0 d\u2019autres soci\u00e9t\u00e9s et personnes physiques pour effectuer certaines fonctions pour son compte, par exemple l\u2019h\u00e9bergement et\/ou la maintenance des contenus du site web ou la fourniture de certaines fonctionnalit\u00e9s qui y sont contenues. Les destinataires auront acc\u00e8s aux informations personnelles uniquement dans la mesure o\u00f9 cela est n\u00e9cessaire \u00e0 l\u2019exercice de leurs fonctions et ne pourront pas les utiliser \u00e0 d\u2019autres fins. Les destinataires seront soumis \u00e0 des obligations contractuelles de confidentialit\u00e9;<\/span><\/li>\n<li style=\"font-weight: 400;\" aria-level=\"1\"><span style=\"font-weight: 400;\">&nbsp;aux autorit\u00e9s gouvernementales ou judiciaires si la Soci\u00e9t\u00e9 estime que ces derni\u00e8res sont l\u00e9galement habilit\u00e9es \u00e0 le demander.<\/span><\/li>\n<\/ol>\n<p><b><\/b><\/p>\n<ul>\n<li aria-level=\"1\"><b>Adresses IP et cookies<\/b><\/li>\n<\/ul>\n<p><span style=\"font-weight: 400;\">La Soci\u00e9t\u00e9 collecte des informations relatives \u00e0 l\u2019ordinateur ou \u00e0 d\u2019autres dispositifs informatiques. Ces informations comprennent (lorsqu\u2019elles sont disponibles) l\u2019adresse IP, le syst\u00e8me d\u2019exploitation et la version du navigateur, aux fins de l\u2019administration du syst\u00e8me.<\/span><\/p>\n<p><span style=\"font-weight: 400;\">Il s\u2019agit de donn\u00e9es statistiques sur les actions et les comportements de navigation des utilisateurs, qui n\u2019identifient pas la personne.<\/span><\/p>\n<p><span style=\"font-weight: 400;\">Pour la m\u00eame raison, la Soci\u00e9t\u00e9 peut obtenir des informations sur l\u2019utilisation g\u00e9n\u00e9rale d\u2019internet par l\u2019utilisateur au moyen d\u2019un fichier cookie qui est stock\u00e9 sur le dispositif. Les cookies permettent d\u2019am\u00e9liorer le site et de fournir des contenus meilleurs et plus cibl\u00e9s. Seuls des cookies techniques et analytiques anonymis\u00e9s sont utilis\u00e9s, \u00e0 l\u2019exclusion des cookies de profilage.<\/span><\/p>\n<p><span style=\"font-weight: 400;\">Pour de plus amples informations sur l\u2019utilisation des cookies sur le site, veuillez consulter la Cookie Policy.<\/span><\/p>\n<ul>\n<li aria-level=\"1\"><b>Transfert des Donn\u00e9es Personnelles<\/b><\/li>\n<\/ul>\n<p><span style=\"font-weight: 400;\">Les Donn\u00e9es Personnelles collect\u00e9es peuvent \u00eatre transf\u00e9r\u00e9es et trait\u00e9es dans un ou plusieurs pays \u00e0 l\u2019int\u00e9rieur ou \u00e0 l\u2019ext\u00e9rieur de l\u2019Union Europ\u00e9enne. Les donn\u00e9es ne sont transf\u00e9r\u00e9es en dehors de l\u2019UE que vers des pays que la Commission Europ\u00e9enne consid\u00e8re comme offrant un niveau de protection ad\u00e9quat, ou lorsque la Soci\u00e9t\u00e9 a mis en place des garanties appropri\u00e9es pour pr\u00e9server la confidentialit\u00e9 de ces informations.<\/span><\/p>\n<ul>\n<li aria-level=\"1\"><b>S\u00e9curit\u00e9 des donn\u00e9es<\/b><\/li>\n<\/ul>\n<p><span style=\"font-weight: 400;\">Bien que la Soci\u00e9t\u00e9 s\u2019engage \u00e0 faire tout ce qui est raisonnablement possible pour prot\u00e9ger les informations personnelles, il est signal\u00e9 que la transmission d\u2019informations via internet n\u2019est pas enti\u00e8rement s\u00e9curis\u00e9e et qu\u2019il n\u2019est pas possible de garantir la s\u00e9curit\u00e9 des Donn\u00e9es Personnelles transmises au site web ou \u00e0 des tiers ; pour cette raison, toute transmission de donn\u00e9es a lieu aux risques de l\u2019utilisateur.<\/span><\/p>\n<p><span style=\"font-weight: 400;\">Des proc\u00e9dures op\u00e9rationnelles rigoureuses et des mesures de s\u00e9curit\u00e9 techniques et organisationnelles appropri\u00e9es sont toutefois appliqu\u00e9es afin de pr\u00e9venir tout acc\u00e8s, modification, suppression ou transmission non autoris\u00e9s de ces informations personnelles.<\/span><\/p>\n<ul>\n<li aria-level=\"1\"><b>Droits de l\u2019utilisateur<\/b><\/li>\n<\/ul>\n<p><span style=\"font-weight: 400;\">Les Articles 15 \u00e0 22 du GDPR conf\u00e8rent \u00e0 l\u2019utilisateur, en tant que personne concern\u00e9e, l\u2019exercice de droits sp\u00e9cifiques, expos\u00e9s ci-apr\u00e8s :<\/span><\/p>\n<ol>\n<li style=\"font-weight: 400;\" aria-level=\"1\"><span style=\"font-weight: 400;\">droit d\u2019acc\u00e9der \u00e0 ses Donn\u00e9es Personnelles et d\u2019en obtenir une copie:<\/span><\/li>\n<\/ol>\n<p><span style=\"font-weight: 400;\">l\u2019utilisateur a le droit de demander la confirmation que la Soci\u00e9t\u00e9 traite ou non l\u2019une quelconque de ses donn\u00e9es personnelles. Dans l\u2019affirmative, il pourra acc\u00e9der \u00e0 ses Donn\u00e9es Personnelles ainsi qu\u2019\u00e0 certaines informations relatives au traitement. Dans certains cas, il peut demander \u00e0 la Soci\u00e9t\u00e9 de fournir une copie \u00e9lectronique de ses donn\u00e9es;<\/span><\/p>\n<ol>\n<li style=\"font-weight: 400;\" aria-level=\"1\"><span style=\"font-weight: 400;\">droit de rectification des Donn\u00e9es Personnelles:<\/span><\/li>\n<\/ol>\n<p><span style=\"font-weight: 400;\">lorsque l\u2019utilisateur est en mesure de d\u00e9montrer que ses Donn\u00e9es Personnelles d\u00e9tenues par la Soci\u00e9t\u00e9 sont inexactes, il a la possibilit\u00e9 d\u2019en demander la mise \u00e0 jour ou la rectification ;<\/span><\/p>\n<ol>\n<li style=\"font-weight: 400;\" aria-level=\"1\"><span style=\"font-weight: 400;\">droit \u00e0 l\u2019oubli\/\u00e0 l\u2019effacement des donn\u00e9es:<\/span><\/li>\n<\/ol>\n<p><span style=\"font-weight: 400;\">dans certaines circonstances, l\u2019utilisateur a le droit d\u2019obtenir l\u2019effacement de ses Donn\u00e9es Personnelles. La demande peut \u00eatre pr\u00e9sent\u00e9e \u00e0 tout moment et la Soci\u00e9t\u00e9 \u00e9valuera la possibilit\u00e9 d\u2019y faire droit. Toutefois, ce droit est soumis \u00e0 des droits ou obligations l\u00e9gales pouvant imposer \u00e0 la Soci\u00e9t\u00e9 la conservation des donn\u00e9es. S\u2019il est \u00e9tabli que, conform\u00e9ment \u00e0 la loi, la demande d\u2019effacement des Donn\u00e9es Personnelles peut \u00eatre accept\u00e9e, la Soci\u00e9t\u00e9 proc\u00e9dera imm\u00e9diatement \u00e0 cet effacement sans retard injustifi\u00e9;<\/span><\/p>\n<ol>\n<li style=\"font-weight: 400;\" aria-level=\"1\"><span style=\"font-weight: 400;\">droit de soulever des objections:<\/span><\/li>\n<\/ol>\n<p><span style=\"font-weight: 400;\">bien que le traitement des donn\u00e9es de l\u2019utilisateur par la Soci\u00e9t\u00e9 soit fond\u00e9 sur l\u2019int\u00e9r\u00eat l\u00e9gitime de cette derni\u00e8re (et sur aucun autre fondement de traitement), l\u2019utilisateur a le droit de s\u2019opposer \u00e0 la mani\u00e8re dont la Soci\u00e9t\u00e9 traite ses Donn\u00e9es Personnelles en relation avec sa situation particuli\u00e8re;<\/span><\/p>\n<ol>\n<li style=\"font-weight: 400;\" aria-level=\"1\"><span style=\"font-weight: 400;\">droit de retirer le consentement:<\/span><\/li>\n<\/ol>\n<p><span style=\"font-weight: 400;\">dans la mesure o\u00f9 le traitement des Donn\u00e9es Personnelles est fond\u00e9 sur le consentement de l\u2019utilisateur, celui-ci a \u00e9galement le droit de retirer ce consentement \u00e0 tout moment. Le retrait du consentement ne porte pas atteinte \u00e0 la lic\u00e9it\u00e9 de tout traitement fond\u00e9 sur le consentement accord\u00e9 avant ce retrait.<\/span><\/p>\n<p><b><\/b><\/p>\n<ul>\n<li aria-level=\"1\"><b>Modalit\u00e9s d\u2019exercice des droits&nbsp;<\/b><\/li>\n<\/ul>\n<p><span style=\"font-weight: 400;\">Afin d\u2019exercer ses droits, l\u2019utilisateur peut \u00e9crire \u00e0 l\u2019adresse e-mail suivante: privacy@wegreenit.it. Il est \u00e9galement possible d\u2019introduire une plainte concernant le traitement des Donn\u00e9es Personnelles aupr\u00e8s de l\u2019Autorit\u00e9 locale de protection des donn\u00e9es (Garante della Privacy).<\/span><\/p>\n<p><b><\/b><\/p>\n<ul>\n<li aria-level=\"1\"><b>Modifications de la pr\u00e9sente Privacy Policy<\/b><\/li>\n<\/ul>\n<p><span style=\"font-weight: 400;\">Les conditions de la pr\u00e9sente Politique peuvent changer de temps \u00e0 autre. La Soci\u00e9t\u00e9 publiera toute modification substantielle de la pr\u00e9sente Politique au moyen d\u2019une communication appropri\u00e9e sur ce site web ou en contactant l\u2019utilisateur par d\u2019autres canaux.<\/span><\/p>\n<ul>\n<li aria-level=\"1\"><b>Contacts<\/b><\/li>\n<\/ul>\n<p><span style=\"font-weight: 400;\">Nous vous informons que les questions, commentaires et demandes relatifs \u00e0 la pr\u00e9sente Politique doivent \u00eatre adress\u00e9s \u00e0 la Soci\u00e9t\u00e9 \u00e0 l\u2019adresse e-mail suivante : privacy@wegreenit.it.<\/span><\/p>\n<p><\/p>\n<\/div>\n<\/div>\n<\/div>\n<\/div>\t\t\t\t\t\t\t\t<\/div>\n\t\t\t\t<\/div>\n\t\t\t\t\t<\/div>\n\t\t\t\t<\/div>\n\t\t<div class=\"elementor-element elementor-element-2773d0a3 e-flex e-con-boxed e-con e-parent\" data-id=\"2773d0a3\" data-element_type=\"container\" data-e-type=\"container\" data-settings=\"{&quot;background_background&quot;:&quot;classic&quot;}\">\n\t\t\t\t\t<div class=\"e-con-inner\">\n\t\t<div class=\"elementor-element elementor-element-532b8fff e-con-full e-flex e-con e-child\" data-id=\"532b8fff\" data-element_type=\"container\" data-e-type=\"container\">\n\t\t\t\t<div class=\"elementor-element elementor-element-4ad4fe08 animated-slow elementor-invisible elementor-widget elementor-widget-heading\" data-id=\"4ad4fe08\" data-element_type=\"widget\" data-e-type=\"widget\" data-settings=\"{&quot;_animation&quot;:&quot;fadeIn&quot;,&quot;_animation_delay&quot;:300}\" data-widget_type=\"heading.default\">\n\t\t\t\t<div class=\"elementor-widget-container\">\n\t\t\t\t\t<h2 class=\"elementor-heading-title elementor-size-default\">Contattaci<\/h2>\t\t\t\t<\/div>\n\t\t\t\t<\/div>\n\t\t\t\t<div class=\"elementor-element elementor-element-344c3f72 animated-slow elementor-invisible elementor-widget elementor-widget-text-editor\" data-id=\"344c3f72\" data-element_type=\"widget\" data-e-type=\"widget\" data-settings=\"{&quot;_animation&quot;:&quot;fadeIn&quot;,&quot;_animation_delay&quot;:600}\" data-widget_type=\"text-editor.default\">\n\t\t\t\t<div class=\"elementor-widget-container\">\n\t\t\t\t\t\t\t\t\t<div class=\"wpb_text_column wpb_content_element \"><div class=\"wpb_wrapper\"><p>Puoi contattare gli uffici di\u00a0<strong>Wegreenit<\/strong> utilizzando i recapiti che trovi nella pagina contattaci.<\/p><\/div><\/div>\t\t\t\t\t\t\t\t<\/div>\n\t\t\t\t<\/div>\n\t\t\t\t<div class=\"elementor-element elementor-element-64f04380 animated-slow elementor-invisible elementor-widget elementor-widget-button\" data-id=\"64f04380\" data-element_type=\"widget\" data-e-type=\"widget\" data-settings=\"{&quot;_animation&quot;:&quot;fadeIn&quot;,&quot;_animation_delay&quot;:900}\" data-widget_type=\"button.default\">\n\t\t\t\t<div class=\"elementor-widget-container\">\n\t\t\t\t\t\t\t\t\t<div class=\"elementor-button-wrapper\">\n\t\t\t\t\t<a class=\"elementor-button elementor-button-link elementor-size-sm\" href=\"https:\/\/wegreenitgroup.com\/contattaci\/\">\n\t\t\t\t\t\t<span class=\"elementor-button-content-wrapper\">\n\t\t\t\t\t\t<span class=\"elementor-button-icon\">\n\t\t\t\t<svg xmlns=\"http:\/\/www.w3.org\/2000\/svg\" width=\"15\" height=\"14\" viewBox=\"0 0 15 14\" fill=\"none\"><path d=\"M0 6.89478L14 6.89478\" stroke=\"white\"><\/path><path d=\"M8.10526 1L14 6.89474L8.10526 12.7895\" stroke=\"white\"><\/path><\/svg>\t\t\t<\/span>\n\t\t\t\t\t\t\t\t\t<span class=\"elementor-button-text\">scopri<\/span>\n\t\t\t\t\t<\/span>\n\t\t\t\t\t<\/a>\n\t\t\t\t<\/div>\n\t\t\t\t\t\t\t\t<\/div>\n\t\t\t\t<\/div>\n\t\t\t\t<\/div>\n\t\t<div class=\"elementor-element elementor-element-2657e278 e-con-full e-flex e-con e-child\" data-id=\"2657e278\" data-element_type=\"container\" data-e-type=\"container\">\n\t\t\t\t<\/div>\n\t\t\t\t\t<\/div>\n\t\t\t\t<\/div>\n\t\t\t\t<\/div>\n\t\t","protected":false},"excerpt":{"rendered":"<p>Responsable du traitement Aux sens des art. 4 et 24 du R\u00e8glement UE n. 2016\/679 (ci-apr\u00e8s \u00ab GDPR \u00bb), le Responsable du traitement est Wegreenit S.p.A., dont le si\u00e8ge l\u00e9gal est situ\u00e9 Piazzale Loreto, 17 &#8211; 20131 Milan (MI) Italie (ci-apr\u00e8s \u00ab Wegreenit \u00bb ou la \u00ab Soci\u00e9t\u00e9 \u00bb), en la personne de son repr\u00e9sentant [&hellip;]<\/p>\n","protected":false},"author":1,"featured_media":0,"parent":0,"menu_order":0,"comment_status":"closed","ping_status":"closed","template":"","meta":{"_acf_changed":false,"footnotes":""},"class_list":["post-28052","page","type-page","status-publish","hentry"],"acf":[],"_links":{"self":[{"href":"https:\/\/wegreenitgroup.com\/fr\/wp-json\/wp\/v2\/pages\/28052","targetHints":{"allow":["GET"]}}],"collection":[{"href":"https:\/\/wegreenitgroup.com\/fr\/wp-json\/wp\/v2\/pages"}],"about":[{"href":"https:\/\/wegreenitgroup.com\/fr\/wp-json\/wp\/v2\/types\/page"}],"author":[{"embeddable":true,"href":"https:\/\/wegreenitgroup.com\/fr\/wp-json\/wp\/v2\/users\/1"}],"replies":[{"embeddable":true,"href":"https:\/\/wegreenitgroup.com\/fr\/wp-json\/wp\/v2\/comments?post=28052"}],"version-history":[{"count":4,"href":"https:\/\/wegreenitgroup.com\/fr\/wp-json\/wp\/v2\/pages\/28052\/revisions"}],"predecessor-version":[{"id":28056,"href":"https:\/\/wegreenitgroup.com\/fr\/wp-json\/wp\/v2\/pages\/28052\/revisions\/28056"}],"wp:attachment":[{"href":"https:\/\/wegreenitgroup.com\/fr\/wp-json\/wp\/v2\/media?parent=28052"}],"curies":[{"name":"wp","href":"https:\/\/api.w.org\/{rel}","templated":true}]}}